{"id":4063,"date":"2017-01-18T16:21:01","date_gmt":"2017-01-18T16:21:01","guid":{"rendered":"http:\/\/2016.keyplan.es\/internacionalizacion\/"},"modified":"2024-02-27T11:36:35","modified_gmt":"2024-02-27T10:36:35","slug":"internacionalizacao","status":"publish","type":"page","link":"https:\/\/www.keyplan.es\/pt-br\/internacionalizacao\/","title":{"rendered":"Internacionaliza\u00e7\u00e3o"},"content":{"rendered":"<section class=\"wpb-content-wrapper\"><p>[vc_row][vc_column][vc_single_image image=&#8221;6888&#8243; img_size=&#8221;large&#8221; style=&#8221;vc_box_shadow_border&#8221;][\/vc_column][\/vc_row][vc_row][vc_column]<div class=\"mgt-header-block clearfix text-left text-black wpb_content_element  mgt-header-block-style-1 mgt-header-texttransform-header \"><h2 class=\"mgt-header-block-title\">EUROPA<\/h2><div class=\"mgt-header-line\"><\/div><\/div>[\/vc_column][\/vc_row][vc_row][vc_column][vc_column_text]<strong>ALUM\u00cdNIOS CORTIZO PORTUGAL, LDA<\/strong><\/p>\n<ul>\n<li>Projeto obra civil e instala\u00e7\u00f5es de nave industrial no Parque Industrial de rio Maior. (Superf\u00edcie nave:9.498 m<sup>2<\/sup>) (2013) Setor: Alum\u00ednio<\/li>\n<\/ul>\n<p><img decoding=\"async\" title=\"Nave de extrus\u00e3o e lacado de perfis para Alum\u00ednios Cortizo (Fran\u00e7a)\" src=\"https:\/\/www.keyplan.es\/wp-content\/uploads\/2017\/01\/NaveCortizoFrancia.png\" alt=\"nave industrial, extrusion, lacado, alum\u00ednio\" align=\"middle\" \/><\/p>\n<p>&nbsp;<\/p>\n<p><strong>ALUM\u00cdNIOS CORTIZO FRANCE<\/strong><\/p>\n<ul>\n<li>Projeto obra civil e instala\u00e7\u00f5es de nave industrial destinada a extrudido e lacado de perfis de alumnio na regi\u00e3o de Chemill\u00e9 (Fran\u00e7a). (Superf\u00edcie nave 21.120 m<sup>2<\/sup>) (2012) Setor: Alum\u00ednio<\/li>\n<\/ul>\n<p>[\/vc_column_text][\/vc_column][\/vc_row][vc_row][vc_column]<div class=\"mgt-header-block clearfix text-left text-black wpb_content_element  mgt-header-block-style-1 mgt-header-texttransform-header \"><h2 class=\"mgt-header-block-title\">AM\u00c9RICA LATINA<\/h2><div class=\"mgt-header-line\"><\/div><\/div>[\/vc_column][\/vc_row][vc_row][vc_column][vc_column_text]<strong>KNF ENGINEERING, S.A.<\/strong><\/p>\n<p>Projetos de instala\u00e7\u00e3o de climatizaci\u00f3n para cl\u00ednicas Dentix em Col\u00f4mbia:<\/p>\n<ul>\n<li>Cl\u00ednica localizada em Pra\u00e7a Am\u00e9ricas na cidade de Bogot\u00e1.<\/li>\n<li>Cl\u00ednica localizada em Primavera Urbana na cidade de Villavicencio.<\/li>\n<li>Cl\u00ednica localizada em Nutibara na cidade de Medell\u00edn.<\/li>\n<li>Cl\u00ednica localizada em Santa F\u00e9 na cidade de Bogot\u00e1.<\/li>\n<li>Cl\u00ednica localizada em C.C. Grande Esta\u00e7\u00e3o na cidade de Bogot\u00e1.<\/li>\n<li>Cl\u00ednica localizada em C.C. Chia na cidade de Bogot\u00e1.<\/li>\n<li>Cl\u00ednica localizada na cidade de Valledupar.<\/li>\n<\/ul>\n<p>Projetos de instala\u00e7\u00e3o de climatizaci\u00f3n para cl\u00ednicas Dentix em Mexico:<\/p>\n<ul>\n<li>Cl\u00ednica localizada em C.C. averanda na cidade de Cuernavaca.<\/li>\n<li>Cl\u00ednica localizada em Parque Povoa na cidade de Povoa<\/li>\n<li>Clinica localizada em Mepetec<\/li>\n<\/ul>\n<p>Projeto de instala\u00e7\u00e3o de climatizaci\u00f3n para cl\u00ednica Gaes localizada em Mariano Escobedo na cidade de Mexico D.F.<\/p>\n<p>Projeto de instala\u00e7\u00e3o de climatizaci\u00f3n para Decathlon na cidade de Aguascalientes em Mexico.<\/p>\n<p><strong>CASSINOS COMAR &#8211; SANTO DOMINGO<\/strong><\/p>\n<p>Projeto de estrutura e instala\u00e7\u00f5es\u00a0 para Cassino no Hotel Bacel\u00f3 Embaixador em Santo Domingo (Rep\u00fablica Dominicana) (2017). Projeto desarrollado em BIM<\/p>\n<p><strong>VALORIZA SUSTENTABILIDADE E INOVA\u00c7\u00c3O, S.A.<\/strong><\/p>\n<p>Projetos de instala\u00e7\u00e3o de climatizaci\u00f3n para cl\u00ednicas Dentix em Mexico:<\/p>\n<ul>\n<li>Clinica localizada em C.C. Cimeiras na cidade de Monterrey.<\/li>\n<li>Cl\u00ednica localizada na Galeria Guadalajara na cidade de Guadalajara.<\/li>\n<li>Cl\u00ednica localizada em C.C. Pra\u00e7a Maior na cidade de Le\u00f3n.<\/li>\n<li>Cl\u00ednica localizada em C.C. Altacaia na cidade de Le\u00f3n.<\/li>\n<li>Cl\u00ednica localizada no Forum Tlaquepaque na cidade de Guadalajara.<\/li>\n<li>Cl\u00ednica localizada em Interlomas na cidade de Huixquiluc\u00e1n.<\/li>\n<li>Cl\u00ednica localizada em C.C. o Dourado na cidade de San Luis de Potos\u00ed.<\/li>\n<li>Cl\u00ednica localizada em C.C. Altabrisa localizado na cidade de Villahermosa.<\/li>\n<li>Cl\u00ednica localizada em C.C. Pra\u00e7a Festa na cidade de Monterrey.<\/li>\n<li>Cl\u00ednica localizada no Portal San Angel na cidade de Mexico D.F.<\/li>\n<li>Cl\u00ednica localizada em C.C. Vit\u00f3ria Latitude na cidade de Quer\u00e9taro.<\/li>\n<li>Cl\u00ednica localizada no Chapultepec na cidade de Guadalajara.<\/li>\n<\/ul>\n<p><strong>INDITEX, S.A.<\/strong><\/p>\n<ul>\n<li>Projeto e Dire\u00e7\u00e3o de obra projeto de ventila\u00e7\u00e3o para atemperamiento do centro log\u00edstico em Cajamar &#8211; Sao Paulo &#8211; Brasil (Volume ar 200.000.000 m<sup>3<\/sup> \/h) (2013-2014)<\/li>\n<li>Projetos de instala\u00e7\u00e3o el\u00e9trica de baixa tens\u00e3o e controle nas lojas do grupo em Mexico e Brasil:<\/li>\n<li>Loja Oysho em C.C. Serd\u00e1n &#8211; Povoa &#8211; Mexico<\/li>\n<li>Loja Oysho em C.C. Passeio do Carmen &#8211; Praia do Carmen &#8211; Mexico<\/li>\n<li>Loja Lefties em C.C. Parque Tezontle &#8211; Mexico D.F.<\/li>\n<li>Loja Lefties em C.C. Parque Delta &#8211; Mexico D.F.<\/li>\n<li>Loja Lefties em C.C. Parque Toluca &#8211; Mexico D.F.<\/li>\n<li>Loja Masimo Dutti em C.C. Grande Pra\u00e7a &#8211; Guadalajara &#8211; Mexico<\/li>\n<li>Loja Lefties em C.C. Altacia &#8211; Mexico D.F.<\/li>\n<li>Loja Masimo Dutti em C.C. Pra\u00e7a Maior &#8211; Mexico<\/li>\n<li>Loja Lefties em C. C. Parque o Toureio &#8211; Naucalpa &#8211; Mexico<\/li>\n<li>Loja Zara em Golden Square Shopping &#8211; Sao Bernardo do Campo &#8211; Brasil<\/li>\n<li>Loja Zara em Iberapuera Shopping &#8211; Sao Paulo &#8211; Brasil<\/li>\n<li>Loja Zara em Shopping Metropolitano &#8211; Rio de Janeiro &#8211; Brasil<\/li>\n<\/ul>\n<p><strong>MONTAGENS LESACA, S.L. <\/strong><\/p>\n<ul>\n<li>Projeto c\u00e1lculo de estrutura de shopping em Iguatemi ( Brasil). (2013)<\/li>\n<\/ul>\n<p>[\/vc_column_text][\/vc_column][\/vc_row]<\/p>\n<\/section>","protected":false},"excerpt":{"rendered":"<p>[vc_row][vc_column][vc_single_image image=&#8221;6888&#8243; img_size=&#8221;large&#8221; style=&#8221;vc_box_shadow_border&#8221;][\/vc_column][\/vc_row][vc_row][vc_column][\/vc_column][\/vc_row][vc_row][vc_column][vc_column_text]ALUM\u00cdNIOS CORTIZO PORTUGAL, LDA Projeto obra civil e instala\u00e7\u00f5es de nave industrial no Parque Industrial de rio Maior. (Superf\u00edcie nave:9.498 m2) (2013) Setor: Alum\u00ednio &nbsp; ALUM\u00cdNIOS CORTIZO&#8230;<\/p>\n","protected":false},"author":1,"featured_media":0,"parent":0,"menu_order":0,"comment_status":"closed","ping_status":"closed","template":"","meta":{"footnotes":""},"yoast_head":"<!-- This site is optimized with the Yoast SEO plugin v21.9.1 - https:\/\/yoast.com\/wordpress\/plugins\/seo\/ -->\n<title>Internacionaliza\u00e7\u00e3o - Keyplan<\/title>\n<meta name=\"robots\" content=\"index, follow, max-snippet:-1, max-image-preview:large, max-video-preview:-1\" \/>\n<link rel=\"canonical\" href=\"https:\/\/www.keyplan.es\/pt-br\/internacionalizacao\/\" \/>\n<meta property=\"og:locale\" content=\"pt_BR\" \/>\n<meta property=\"og:type\" content=\"article\" \/>\n<meta property=\"og:title\" content=\"Internacionaliza\u00e7\u00e3o - Keyplan\" \/>\n<meta property=\"og:description\" content=\"[vc_row][vc_column][vc_single_image image=&#8221;6888&#8243; img_size=&#8221;large&#8221; style=&#8221;vc_box_shadow_border&#8221;][\/vc_column][\/vc_row][vc_row][vc_column][\/vc_column][\/vc_row][vc_row][vc_column][vc_column_text]ALUM\u00cdNIOS CORTIZO PORTUGAL, LDA Projeto obra civil e instala\u00e7\u00f5es de nave industrial no Parque Industrial de rio Maior. (Superf\u00edcie nave:9.498 m2) (2013) Setor: Alum\u00ednio &nbsp; ALUM\u00cdNIOS CORTIZO...\" \/>\n<meta property=\"og:url\" content=\"https:\/\/www.keyplan.es\/pt-br\/internacionalizacao\/\" \/>\n<meta property=\"og:site_name\" content=\"Keyplan\" \/>\n<meta property=\"article:modified_time\" content=\"2024-02-27T10:36:35+00:00\" \/>\n<meta property=\"og:image\" content=\"https:\/\/www.keyplan.es\/wp-content\/uploads\/2017\/01\/NaveCortizoFrancia.png\" \/>\n<meta name=\"twitter:card\" content=\"summary_large_image\" \/>\n<meta name=\"twitter:label1\" content=\"Est. tempo de leitura\" \/>\n\t<meta name=\"twitter:data1\" content=\"3 minutos\" \/>\n<script type=\"application\/ld+json\" class=\"yoast-schema-graph\">{\"@context\":\"https:\/\/schema.org\",\"@graph\":[{\"@type\":\"WebPage\",\"@id\":\"https:\/\/www.keyplan.es\/pt-br\/internacionalizacao\/\",\"url\":\"https:\/\/www.keyplan.es\/pt-br\/internacionalizacao\/\",\"name\":\"Internacionaliza\u00e7\u00e3o - Keyplan\",\"isPartOf\":{\"@id\":\"\/#website\"},\"datePublished\":\"2017-01-18T16:21:01+00:00\",\"dateModified\":\"2024-02-27T10:36:35+00:00\",\"breadcrumb\":{\"@id\":\"https:\/\/www.keyplan.es\/pt-br\/internacionalizacao\/#breadcrumb\"},\"inLanguage\":\"pt-BR\",\"potentialAction\":[{\"@type\":\"ReadAction\",\"target\":[\"https:\/\/www.keyplan.es\/pt-br\/internacionalizacao\/\"]}]},{\"@type\":\"BreadcrumbList\",\"@id\":\"https:\/\/www.keyplan.es\/pt-br\/internacionalizacao\/#breadcrumb\",\"itemListElement\":[{\"@type\":\"ListItem\",\"position\":1,\"name\":\"Portada\",\"item\":\"https:\/\/www.keyplan.es\/pt-br\/\"},{\"@type\":\"ListItem\",\"position\":2,\"name\":\"Internacionaliza\u00e7\u00e3o\"}]},{\"@type\":\"WebSite\",\"@id\":\"\/#website\",\"url\":\"\/\",\"name\":\"Keyplan\",\"description\":\"Ingenier\u00eda y consulting\",\"publisher\":{\"@id\":\"\/#organization\"},\"potentialAction\":[{\"@type\":\"SearchAction\",\"target\":{\"@type\":\"EntryPoint\",\"urlTemplate\":\"\/?s={search_term_string}\"},\"query-input\":\"required name=search_term_string\"}],\"inLanguage\":\"pt-BR\"},{\"@type\":\"Organization\",\"@id\":\"\/#organization\",\"name\":\"Key Plan\",\"url\":\"\/\",\"logo\":{\"@type\":\"ImageObject\",\"inLanguage\":\"pt-BR\",\"@id\":\"\/#\/schema\/logo\/image\/\",\"url\":\"https:\/\/www.keyplan.es\/wp-content\/uploads\/2016\/12\/logo.png\",\"contentUrl\":\"https:\/\/www.keyplan.es\/wp-content\/uploads\/2016\/12\/logo.png\",\"width\":184,\"height\":82,\"caption\":\"Key Plan\"},\"image\":{\"@id\":\"\/#\/schema\/logo\/image\/\"},\"sameAs\":[\"https:\/\/es.linkedin.com\/company\/keyplaningenieria\",\"https:\/\/www.instagram.com\/keyplan_ingenieria\/\"]}]}<\/script>\n<!-- \/ Yoast SEO plugin. -->","yoast_head_json":{"title":"Internacionaliza\u00e7\u00e3o - Keyplan","robots":{"index":"index","follow":"follow","max-snippet":"max-snippet:-1","max-image-preview":"max-image-preview:large","max-video-preview":"max-video-preview:-1"},"canonical":"https:\/\/www.keyplan.es\/pt-br\/internacionalizacao\/","og_locale":"pt_BR","og_type":"article","og_title":"Internacionaliza\u00e7\u00e3o - Keyplan","og_description":"[vc_row][vc_column][vc_single_image image=&#8221;6888&#8243; img_size=&#8221;large&#8221; style=&#8221;vc_box_shadow_border&#8221;][\/vc_column][\/vc_row][vc_row][vc_column][\/vc_column][\/vc_row][vc_row][vc_column][vc_column_text]ALUM\u00cdNIOS CORTIZO PORTUGAL, LDA Projeto obra civil e instala\u00e7\u00f5es de nave industrial no Parque Industrial de rio Maior. (Superf\u00edcie nave:9.498 m2) (2013) Setor: Alum\u00ednio &nbsp; ALUM\u00cdNIOS CORTIZO...","og_url":"https:\/\/www.keyplan.es\/pt-br\/internacionalizacao\/","og_site_name":"Keyplan","article_modified_time":"2024-02-27T10:36:35+00:00","og_image":[{"url":"https:\/\/www.keyplan.es\/wp-content\/uploads\/2017\/01\/NaveCortizoFrancia.png"}],"twitter_card":"summary_large_image","twitter_misc":{"Est. tempo de leitura":"3 minutos"},"schema":{"@context":"https:\/\/schema.org","@graph":[{"@type":"WebPage","@id":"https:\/\/www.keyplan.es\/pt-br\/internacionalizacao\/","url":"https:\/\/www.keyplan.es\/pt-br\/internacionalizacao\/","name":"Internacionaliza\u00e7\u00e3o - Keyplan","isPartOf":{"@id":"\/#website"},"datePublished":"2017-01-18T16:21:01+00:00","dateModified":"2024-02-27T10:36:35+00:00","breadcrumb":{"@id":"https:\/\/www.keyplan.es\/pt-br\/internacionalizacao\/#breadcrumb"},"inLanguage":"pt-BR","potentialAction":[{"@type":"ReadAction","target":["https:\/\/www.keyplan.es\/pt-br\/internacionalizacao\/"]}]},{"@type":"BreadcrumbList","@id":"https:\/\/www.keyplan.es\/pt-br\/internacionalizacao\/#breadcrumb","itemListElement":[{"@type":"ListItem","position":1,"name":"Portada","item":"https:\/\/www.keyplan.es\/pt-br\/"},{"@type":"ListItem","position":2,"name":"Internacionaliza\u00e7\u00e3o"}]},{"@type":"WebSite","@id":"\/#website","url":"\/","name":"Keyplan","description":"Ingenier\u00eda y consulting","publisher":{"@id":"\/#organization"},"potentialAction":[{"@type":"SearchAction","target":{"@type":"EntryPoint","urlTemplate":"\/?s={search_term_string}"},"query-input":"required name=search_term_string"}],"inLanguage":"pt-BR"},{"@type":"Organization","@id":"\/#organization","name":"Key Plan","url":"\/","logo":{"@type":"ImageObject","inLanguage":"pt-BR","@id":"\/#\/schema\/logo\/image\/","url":"https:\/\/www.keyplan.es\/wp-content\/uploads\/2016\/12\/logo.png","contentUrl":"https:\/\/www.keyplan.es\/wp-content\/uploads\/2016\/12\/logo.png","width":184,"height":82,"caption":"Key Plan"},"image":{"@id":"\/#\/schema\/logo\/image\/"},"sameAs":["https:\/\/es.linkedin.com\/company\/keyplaningenieria","https:\/\/www.instagram.com\/keyplan_ingenieria\/"]}]}},"_links":{"self":[{"href":"https:\/\/www.keyplan.es\/pt-br\/wp-json\/wp\/v2\/pages\/4063"}],"collection":[{"href":"https:\/\/www.keyplan.es\/pt-br\/wp-json\/wp\/v2\/pages"}],"about":[{"href":"https:\/\/www.keyplan.es\/pt-br\/wp-json\/wp\/v2\/types\/page"}],"author":[{"embeddable":true,"href":"https:\/\/www.keyplan.es\/pt-br\/wp-json\/wp\/v2\/users\/1"}],"replies":[{"embeddable":true,"href":"https:\/\/www.keyplan.es\/pt-br\/wp-json\/wp\/v2\/comments?post=4063"}],"version-history":[{"count":1,"href":"https:\/\/www.keyplan.es\/pt-br\/wp-json\/wp\/v2\/pages\/4063\/revisions"}],"predecessor-version":[{"id":7190,"href":"https:\/\/www.keyplan.es\/pt-br\/wp-json\/wp\/v2\/pages\/4063\/revisions\/7190"}],"wp:attachment":[{"href":"https:\/\/www.keyplan.es\/pt-br\/wp-json\/wp\/v2\/media?parent=4063"}],"curies":[{"name":"wp","href":"https:\/\/api.w.org\/{rel}","templated":true}]}}